{"id":6923,"date":"2023-09-28T13:34:36","date_gmt":"2023-09-28T11:34:36","guid":{"rendered":"https:\/\/eco-palm-sarl.com\/blog\/?post_type=portfolio&#038;p=6923"},"modified":"2023-09-28T13:40:48","modified_gmt":"2023-09-28T11:40:48","slug":"6923","status":"publish","type":"portfolio","link":"https:\/\/eco-palm-sarl.com\/blog\/?portfolio=6923","title":{"rendered":"poudre d\u2019\u00e9corce de grenade"},"content":{"rendered":"<div class=\"wpb-content-wrapper\">[vc_row][vc_column][vc_column_text woodmart_inline=&#8221;no&#8221; text_larger=&#8221;no&#8221;]<strong>\u00a0 \u00a0 \u00a0 \u00a0 \u00a0 \u00a0La poudre d\u2019\u00e9corce de grenade peut \u00eatre utilis\u00e9e en externe comme en interne.<\/strong><\/p>\n<p>En interne, elle est excellente pour lutter contre les maladies cardiaques car elle est riche en antioxydants et tr\u00e8s efficace pour \u00e9liminer l\u2019oxydation du cholest\u00e9rol LDL. Elle est riche en vitamine C et constitue une forme efficace de d\u00e9toxication. Elle a \u00e9galement des propri\u00e9t\u00e9s vermifuges. Enfin, elle \u00e9quilibre le syst\u00e8me digestif et repr\u00e9sente un traitement naturel pour de nombreuses maladies digestives telles que la diarrh\u00e9e, les ulc\u00e8res gastriques et de multiples formes de colite. Elle poss\u00e8de encore des propri\u00e9t\u00e9s antibact\u00e9riennes et antifongiques qui emp\u00eachent l\u2019accumulation de la plaque dentaire et aide \u00e0 combattre les inflammations de la bouche comme la gingivite et la parodontite.<\/p>\n<p>Pour pr\u00e9parer une infusion, verser deux cuillers \u00e0 caf\u00e9 de poudre dans 200 ml d\u2019eau bouillante, couvrir, laisser infuser pendant 25 min. avant de consommer.<\/p>\n<p>En utilisation externe, la poudre d\u2019\u00e9corce de grenade est tr\u00e8s r\u00e9put\u00e9e pour les soins et la beaut\u00e9 des cheveux et de la peau. Elle permet de ralentir la chute des cheveux et d\u2019\u00e9liminer les pellicules. Elle permet \u00e9galement, gr\u00e2ce \u00e0 ses propri\u00e9t\u00e9s antioxydantes et anti-inflammatoires, de r\u00e9duire les rougeurs et la peau et de combattre l\u2019acn\u00e9.<\/p>\n<p>Pour faire un masque, m\u00e9langer de la poudre d\u2019\u00e9corce de grenade avec une huile v\u00e9g\u00e9tale et appliquer ce masque sur les racines, masser, laisser poser 2 heures ou toute la nuit et laver les cheveux. Ce masque peut \u00e9galement \u00eatre appliqu\u00e9 sur la peau pour effectuer un peeling.[\/vc_column_text][\/vc_column][\/vc_row][vc_row][vc_column width=&#8221;1\/2&#8243;]\t\t<div id=\"wd-6515658a9803b\" class=\"wd-image wd-wpb wd-rs-6515658a9803b text-center \">\n\t\t\t\n\t\t\t<img loading=\"lazy\" decoding=\"async\" width=\"300\" height=\"170\" src=\"https:\/\/eco-palm-sarl.com\/wp-content\/uploads\/2023\/09\/certifie-300x170.png\" class=\"attachment-medium\" alt=\"\" title=\"certifie\" srcset=\"https:\/\/eco-palm-sarl.com\/wp-content\/uploads\/2023\/09\/certifie-300x170.png 300w, https:\/\/eco-palm-sarl.com\/wp-content\/uploads\/2023\/09\/certifie-150x85.png 150w, https:\/\/eco-palm-sarl.com\/wp-content\/uploads\/2023\/09\/certifie.png 549w\" sizes=\"auto, (max-width: 300px) 100vw, 300px\" \/>\n\t\t\t\t\t<\/div>\n\t\t[\/vc_column][vc_column width=&#8221;1\/2&#8243;]\t\t<div id=\"wd-651565e24e953\" class=\"wd-image wd-wpb wd-rs-651565e24e953 text-left \">\n\t\t\t\n\t\t\t<img loading=\"lazy\" decoding=\"async\" width=\"300\" height=\"198\" src=\"https:\/\/eco-palm-sarl.com\/wp-content\/uploads\/2023\/09\/Screenshot_20230928_123236-forest-300x198.png\" class=\"attachment-medium\" alt=\"\" title=\"Screenshot_20230928_123236-forest\" srcset=\"https:\/\/eco-palm-sarl.com\/wp-content\/uploads\/2023\/09\/Screenshot_20230928_123236-forest-300x198.png 300w, https:\/\/eco-palm-sarl.com\/wp-content\/uploads\/2023\/09\/Screenshot_20230928_123236-forest-150x99.png 150w, https:\/\/eco-palm-sarl.com\/wp-content\/uploads\/2023\/09\/Screenshot_20230928_123236-forest.png 523w\" sizes=\"auto, (max-width: 300px) 100vw, 300px\" \/>\n\t\t\t\t\t<\/div>\n\t\t[\/vc_column][\/vc_row][vc_row][vc_column][\/vc_column][\/vc_row]\n<\/div>","protected":false},"excerpt":{"rendered":"<p>[vc_row][vc_column][vc_column_text woodmart_inline=&#8221;no&#8221; text_larger=&#8221;no&#8221;]\u00a0 \u00a0 \u00a0 \u00a0 \u00a0 \u00a0La poudre d\u2019\u00e9corce de grenade peut \u00eatre utilis\u00e9e en externe comme en interne.<\/p>\n","protected":false},"featured_media":0,"menu_order":0,"comment_status":"open","ping_status":"closed","template":"","project-cat":[32],"class_list":["post-6923","portfolio","type-portfolio","status-publish","hentry","project-cat-alimentation"],"jetpack_sharing_enabled":true,"_links":{"self":[{"href":"https:\/\/eco-palm-sarl.com\/blog\/index.php?rest_route=\/wp\/v2\/portfolio\/6923","targetHints":{"allow":["GET"]}}],"collection":[{"href":"https:\/\/eco-palm-sarl.com\/blog\/index.php?rest_route=\/wp\/v2\/portfolio"}],"about":[{"href":"https:\/\/eco-palm-sarl.com\/blog\/index.php?rest_route=\/wp\/v2\/types\/portfolio"}],"replies":[{"embeddable":true,"href":"https:\/\/eco-palm-sarl.com\/blog\/index.php?rest_route=%2Fwp%2Fv2%2Fcomments&post=6923"}],"wp:attachment":[{"href":"https:\/\/eco-palm-sarl.com\/blog\/index.php?rest_route=%2Fwp%2Fv2%2Fmedia&parent=6923"}],"wp:term":[{"taxonomy":"project-cat","embeddable":true,"href":"https:\/\/eco-palm-sarl.com\/blog\/index.php?rest_route=%2Fwp%2Fv2%2Fproject-cat&post=6923"}],"curies":[{"name":"wp","href":"https:\/\/api.w.org\/{rel}","templated":true}]}}