{"id":6916,"date":"2023-09-28T13:15:25","date_gmt":"2023-09-28T11:15:25","guid":{"rendered":"https:\/\/eco-palm-sarl.com\/blog\/?post_type=portfolio&#038;p=6916"},"modified":"2023-09-28T13:15:25","modified_gmt":"2023-09-28T11:15:25","slug":"fleurs-sechees-de-figuier-de-barbarie","status":"publish","type":"portfolio","link":"https:\/\/eco-palm-sarl.com\/blog\/?portfolio=fleurs-sechees-de-figuier-de-barbarie","title":{"rendered":"Fleurs s\u00e9ch\u00e9es de figuier de Barbarie"},"content":{"rendered":"<blockquote><p>\u00a0 \u00a0 \u00a0 \u00a0 \u00a0 \u00a0 \u00a0 <strong>Les fleurs s\u00e9ch\u00e9es de figuier de Barbarie sont utilis\u00e9es depuis longtemps par les Berb\u00e8res pour leurs propri\u00e9t\u00e9s th\u00e9rapeutiques et cosm\u00e9tiques. Elles sont tr\u00e8s riches en min\u00e9raux tels que le potassium, le calcium, le magn\u00e9sium, le fer et le zinc ainsi qu\u2019en om\u00e9ga-6, en vitamines, en acides amin\u00e9s et en anti-oxydants.<\/strong><\/p><\/blockquote>\n<p>En tisane, elles soulagent les douleurs gastro-intestinales et pr\u00e9viennent les ulc\u00e8res gr\u00e2ce \u00e0 leurs propri\u00e9t\u00e9s anti-inflammatoires.<\/p>\n<p>En cosm\u00e9tique, elles sont utilis\u00e9es sous forme de mac\u00e9rat ou de lotion et constituent un soin anti-\u00e2ge pr\u00e9cieux. Ce mac\u00e9rat est un anti-oxydant naturel qui agit contre les radicaux libres du soleil et peut \u00eatre utilis\u00e9 pour pr\u00e9parer la peau au soleil et en apr\u00e8s-soleil. Il peut en outre \u00eatre utilis\u00e9 contre les rides et ridules, pour les peaux fatigu\u00e9es et manquant d\u2019\u00e9lasticit\u00e9, les soins du buste, les cicatrices, il redonne de l\u2019\u00e9clat aux peaux ternes et constitue un vrai soin nourrissant et restructurant, et il pr\u00e9sente des vertus r\u00e9g\u00e9n\u00e9rantes gr\u00e2ce \u00e0 la pr\u00e9sence d\u2019om\u00e9ga-6.<\/p>\n<p><strong>Recette de mac\u00e9rat de fleurs de figuier de Barbarie<\/strong><\/p>\n<p>Id\u00e9alement, il est conseill\u00e9 d\u2019utiliser une huile biologique telle que l\u2019huile d\u2019argan, l\u2019huile vierge d\u2019avocat ou l\u2019huile de noyaux d\u2019abricots. Mettre un volume de fleurs s\u00e9ch\u00e9es dans un bocal et les recouvrir de deux volumes d\u2019huile. Placer le bocal dans un endroit frais \u00e0 l\u2019abri de la lumi\u00e8re pendant 4 \u00e0 6 semaines en remuant le bocal de temps en temps. Filtrer ensuite l\u2019huile obtenue dans un filtre \u00e0 caf\u00e9 ou un linge propre.<\/p>\n<p>&nbsp;<\/p>\n<p>&nbsp;<\/p>\n<p>&nbsp;<\/p>\n","protected":false},"excerpt":{"rendered":"<p>Les fleurs s\u00e9ch\u00e9es de figuier de Barbarie sont utilis\u00e9es depuis longtemps par les Berb\u00e8res pour leurs propri\u00e9t\u00e9s th\u00e9rapeutiques et cosm\u00e9tiques. Elles sont tr\u00e8s riches en min\u00e9raux tels que le potassium, le calcium, le magn\u00e9sium, le fer et le zinc ainsi qu\u2019en om\u00e9ga-6, en vitamines, en acides amin\u00e9s et en anti-oxydants.<\/p>\n","protected":false},"featured_media":0,"menu_order":0,"comment_status":"open","ping_status":"closed","template":"","project-cat":[32],"class_list":["post-6916","portfolio","type-portfolio","status-publish","hentry","project-cat-alimentation"],"jetpack_sharing_enabled":true,"_links":{"self":[{"href":"https:\/\/eco-palm-sarl.com\/blog\/index.php?rest_route=\/wp\/v2\/portfolio\/6916","targetHints":{"allow":["GET"]}}],"collection":[{"href":"https:\/\/eco-palm-sarl.com\/blog\/index.php?rest_route=\/wp\/v2\/portfolio"}],"about":[{"href":"https:\/\/eco-palm-sarl.com\/blog\/index.php?rest_route=\/wp\/v2\/types\/portfolio"}],"replies":[{"embeddable":true,"href":"https:\/\/eco-palm-sarl.com\/blog\/index.php?rest_route=%2Fwp%2Fv2%2Fcomments&post=6916"}],"wp:attachment":[{"href":"https:\/\/eco-palm-sarl.com\/blog\/index.php?rest_route=%2Fwp%2Fv2%2Fmedia&parent=6916"}],"wp:term":[{"taxonomy":"project-cat","embeddable":true,"href":"https:\/\/eco-palm-sarl.com\/blog\/index.php?rest_route=%2Fwp%2Fv2%2Fproject-cat&post=6916"}],"curies":[{"name":"wp","href":"https:\/\/api.w.org\/{rel}","templated":true}]}}